{"id":4337,"date":"2023-09-04T10:25:16","date_gmt":"2023-09-04T10:25:16","guid":{"rendered":"https:\/\/www.coutinhorebelo.com\/politique-generale-de-securite-des-informations-externes\/"},"modified":"2023-10-13T14:07:38","modified_gmt":"2023-10-13T14:07:38","slug":"politique-generale-de-securite-des-informations-externes","status":"publish","type":"page","link":"https:\/\/www.coutinhorebelo.com\/fr\/politique-generale-de-securite-des-informations-externes\/","title":{"rendered":"Politique G\u00e9n\u00e9rale de S\u00e9curit\u00e9 des Informations Externes"},"content":{"rendered":"\t\t<div data-elementor-type=\"wp-page\" data-elementor-id=\"4337\" class=\"elementor elementor-4337 elementor-3948\" data-elementor-settings=\"{&quot;ha_cmc_init_switcher&quot;:&quot;no&quot;}\">\n\t\t\t\t<div class=\"elementor-element elementor-element-6b25b93 e-flex e-con-boxed e-con e-parent\" data-id=\"6b25b93\" data-element_type=\"container\" data-settings=\"{&quot;jet_parallax_layout_list&quot;:[],&quot;_ha_eqh_enable&quot;:false}\">\n\t\t\t\t\t<div class=\"e-con-inner\">\n\t\t\t\t<div class=\"elementor-element elementor-element-a0fd9a7 elementor-widget elementor-widget-html\" data-id=\"a0fd9a7\" data-element_type=\"widget\" data-widget_type=\"html.default\">\n\t\t\t\t<div class=\"elementor-widget-container\">\n\t\t\t\t\t<style>.border-top {\n position: relative;\n }\n\n .border-top::before {\n content: \"\";\n position: absolute;\n top: -10px;\n left: 0;\n width: 50px;\n border-top: 1px solid #70828E; }\n<\/style>\t\t\t\t<\/div>\n\t\t\t\t<\/div>\n\t\t\t\t\t<\/div>\n\t\t\t\t<\/div>\n\t\t<div class=\"elementor-element elementor-element-7acf510 e-flex e-con-boxed e-con e-parent\" data-id=\"7acf510\" data-element_type=\"container\" data-settings=\"{&quot;jet_parallax_layout_list&quot;:[],&quot;_ha_eqh_enable&quot;:false}\">\n\t\t\t\t\t<div class=\"e-con-inner\">\n\t\t\t\t<div class=\"elementor-element elementor-element-7b9ce3a elementor-widget__width-auto border-top elementor-widget elementor-widget-heading\" data-id=\"7b9ce3a\" data-element_type=\"widget\" data-widget_type=\"heading.default\">\n\t\t\t\t<div class=\"elementor-widget-container\">\n\t\t\t\t\t<h4 class=\"elementor-heading-title elementor-size-default\">Politique G\u00e9n\u00e9rale de S\u00e9curit\u00e9 des Informations Externes<\/h4>\t\t\t\t<\/div>\n\t\t\t\t<\/div>\n\t\t\t\t<div class=\"elementor-element elementor-element-943a704 elementor-widget elementor-widget-text-editor\" data-id=\"943a704\" data-element_type=\"widget\" data-widget_type=\"text-editor.default\">\n\t\t\t\t<div class=\"elementor-widget-container\">\n\t\t\t\t\t\t\t\t\t<p><strong>1. Port\u00e9e et objectif<\/strong><\/p><p>La Politique de S\u00e9curit\u00e9 de l&rsquo;Information s&rsquo;applique \u00e0 toutes les informations qui sont sous la responsabilit\u00e9 de Coutinho Rebelo Avocats (ci-apr\u00e8s d\u00e9nomm\u00e9 CRA), quel que soit le support d&rsquo;enregistrement, y compris notamment les bases de donn\u00e9es, tout environnement informatique, les documents, fichiers et autres technologies et\/ ou des outils d&rsquo;application.<\/p><p>L&rsquo;objectif de la Politique de s\u00e9curit\u00e9 de l&rsquo;information est de pr\u00e9server la confidentialit\u00e9, l&rsquo;int\u00e9grit\u00e9 et la disponibilit\u00e9 des informations, contribuant ainsi \u00e0 assurer les objectifs de CRA et \u00e0 maintenir la confiance des clients ainsi que le respect des obligations l\u00e9gales et r\u00e9glementaires.<\/p><p>Cette politique formalise et vise \u00e0 communiquer les d\u00e9finitions strat\u00e9giques et programmatiques approuv\u00e9es pour la s\u00e9curit\u00e9 de l&rsquo;information, qui sont consid\u00e9r\u00e9es comme un engagement \u00e9thique et une responsabilit\u00e9 professionnelle de CRA.<\/p><p>En ce sens, CRA d\u00e9finit des objectifs clairs pour la mise en \u0153uvre de processus, de contr\u00f4les et de pratiques en mati\u00e8re de s\u00e9curit\u00e9 de l&rsquo;information et promeut l&rsquo;adoption et la mise en \u0153uvre d&rsquo;une politique de s\u00e9curit\u00e9 de l&rsquo;information transversale \u00e0 l&rsquo;ensemble de CRA.<\/p><p>Les objectifs de s\u00e9curit\u00e9 de l\u2019information correspondent \u00e0 :<\/p><ul><li>\u00c9valuer les risques li\u00e9s \u00e0 la s\u00e9curit\u00e9 de l&rsquo;information, afin de mettre en \u0153uvre les contr\u00f4les n\u00e9cessaires permettant d&rsquo;att\u00e9nuer les risques jusqu&rsquo;au niveau d&rsquo;acceptation \u00e9tabli ;<\/li><li>Cr\u00e9er une culture de s\u00e9curit\u00e9 de l&rsquo;information \u00e0 travers des actions de formation et de sensibilisation ;<\/li><li>D\u00e9finir et mettre en \u0153uvre les contr\u00f4les techniques et organisationnels n\u00e9cessaires pour garantir la confidentialit\u00e9, l&rsquo;int\u00e9grit\u00e9 et la disponibilit\u00e9 des informations ;<\/li><li>Consid\u00e9rer la s\u00e9curit\u00e9 de l&rsquo;information comme un processus d&rsquo;am\u00e9lioration continue, qui permet d&rsquo;atteindre des niveaux de s\u00e9curit\u00e9 de plus en plus avanc\u00e9s.<\/li><\/ul><p>\u00a0<\/p><p><strong>2. Responsabilit\u00e9s et organisation de la s\u00e9curit\u00e9<\/strong><\/p><p>La Politique sur la s\u00e9curit\u00e9 de l\u2019information s\u2019adresse \u00e0 tous les avocats et employ\u00e9s de CRA, quelle que soit leur relation, ainsi qu\u2019aux fournisseurs et prestataires de services et \u00e0 leurs employ\u00e9s qui ont acc\u00e8s aux informations sous la responsabilit\u00e9 de CRA.<\/p><p>Dans cette mesure, chacun est tenu de respecter et de faire respecter cette Politique et de communiquer tout \u00e9v\u00e9nement qui provoque ou pourrait provoquer une violation de la s\u00e9curit\u00e9 des informations.<\/p><p>\u00a0<\/p><p><strong>3. Politique de s\u00e9curit\u00e9 des informations<\/strong><\/p><p>La politique de s\u00e9curit\u00e9 de l\u2019information est guid\u00e9e par les principes suivants :<\/p><ul><li>Confidentialit\u00e9 : les informations ne sont mises \u00e0 la disposition que des personnes disposant de l&rsquo;autorisation appropri\u00e9e \u00e0 cet effet ;<\/li><li>Int\u00e9grit\u00e9 : la sauvegarde et la pr\u00e9servation des informations, et l&rsquo;ad\u00e9quation des m\u00e9thodes de traitement respectives ;<\/li><li>Disponibilit\u00e9 : les informations sont disponibles pour tous les utilisateurs d\u00fbment autoris\u00e9s ;<\/li><li>Audibilit\u00e9 : les donn\u00e9es et informations d&rsquo;entreprise et\/ou commerciales sont enregistr\u00e9es, compil\u00e9es, analys\u00e9es et r\u00e9v\u00e9l\u00e9es, afin de permettre aux auditeurs internes ou aux entit\u00e9s de certification externes d&rsquo;attester de leur int\u00e9grit\u00e9 ;<\/li><li>Tra\u00e7abilit\u00e9 : capacit\u00e9 \u00e0 r\u00e9cup\u00e9rer l&rsquo;historique des actions r\u00e9alis\u00e9es. Les renseignements constituent un bien ou un actif essentiel pour CRA et doivent \u00eatre prot\u00e9g\u00e9s de la mani\u00e8re la plus appropri\u00e9e. La s\u00e9curit\u00e9 de l&rsquo;information prot\u00e8ge les informations contre une multitude de menaces, \u00e9tant essentielle pour promouvoir la continuit\u00e9 du service (activit\u00e9), minimiser les effets n\u00e9gatifs sur l&rsquo;organisation, maximiser la rentabilit\u00e9 des investissements et am\u00e9liorer continuellement la qualit\u00e9 du service. La s\u00e9curit\u00e9 de l&rsquo;information est obtenue gr\u00e2ce \u00e0 la mise en \u0153uvre d&rsquo;un ensemble de contr\u00f4les, \u00e0 savoir : des politiques, des normes et des proc\u00e9dures, qui sont conformes \u00e0 la norme internationale ISO\/IEC 27001. Pour respecter ces principes, CRA, conform\u00e9ment aux lois et normes en vigueur en mati\u00e8re de s\u00e9curit\u00e9 de l&rsquo;information, adopte les meilleures pratiques nationales et internationales, de mani\u00e8re appropri\u00e9e aux sp\u00e9cificit\u00e9s de l&rsquo;organisation.<\/li><\/ul><p>\u00a0<\/p><p><strong>4. Organisation de la s\u00e9curit\u00e9 de l&rsquo;information<\/strong><\/p><p>L&rsquo;organisation de la s\u00e9curit\u00e9 de l&rsquo;information est mise en \u0153uvre et g\u00e9r\u00e9e \u00e0 travers un syst\u00e8me de gestion de la s\u00e9curit\u00e9 de l&rsquo;information (SGSI), de mani\u00e8re int\u00e9gr\u00e9e avec les processus du bureau et sa structure de gestion globale, qui garantit une approche multidisciplinaire du sujet et permet de planifier, concevoir, contr\u00f4ler, \u00e9valuer et am\u00e9liorer tous les processus de mise en \u0153uvre de la s\u00e9curit\u00e9 de l&rsquo;information de mani\u00e8re transversale, en consid\u00e9rant trois aspects de l&rsquo;action : les personnes, les technologies et les processus.<\/p><p>CRA met en \u0153uvre des politiques et proc\u00e9dures sp\u00e9cifiques qui respectent les normes internationales de r\u00e9f\u00e9rence, susceptibles d\u2019\u00eatre audit\u00e9es et qui d\u00e9finissent les exigences de mise en \u0153uvre du SMSI, \u00e0 savoir :<\/p><ol><li>CRA promeut la d\u00e9finition de r\u00e8gles appropri\u00e9es en mati\u00e8re de confidentialit\u00e9 des donn\u00e9es et de respect du r\u00e8glement (UE) 2016\/679 du Parlement europ\u00e9en et du Conseil du 27 avril 2016 et de la l\u00e9gislation nationale applicable ;<\/li><li>CRA favorise, par l&rsquo;interm\u00e9diaire de son SGSI, la protection de la confidentialit\u00e9, de l&rsquo;int\u00e9grit\u00e9, de la disponibilit\u00e9 des renseignements ainsi que la r\u00e9silience de ses syst\u00e8mes et services de traitement de l\u2019information ;<\/li><li>Gr\u00e2ce \u00e0 ses plans d&rsquo;incident et de continuit\u00e9 des activit\u00e9s, CRA favorise la capacit\u00e9 de minimiser l&rsquo;impact des incidents physiques ou techniques, ainsi que de r\u00e9tablir la disponibilit\u00e9 et l&rsquo;acc\u00e8s aux donn\u00e9es personnelles en temps opportun, en cas de catastrophe ou d&rsquo;incident grave ;<\/li><li>L&rsquo;\u00e9valuation r\u00e9guli\u00e8re de la s\u00e9curit\u00e9 du traitement de l&rsquo;information et des syst\u00e8mes de support respectifs est favoris\u00e9e par des processus d&rsquo;audit externe formels, effectu\u00e9s par des auditeurs r\u00e9put\u00e9s et impartiaux, dot\u00e9s de comp\u00e9tences certifi\u00e9es ;<\/li><li>Le processus d&rsquo;analyse des risques mis en \u0153uvre dans le cadre du SGSI inclut les risques li\u00e9s au traitement des donn\u00e9es personnelles, y compris la destruction accidentelle ou illicite, la perte et l&rsquo;alt\u00e9ration et la divulgation ou l&rsquo;acc\u00e8s non autoris\u00e9s aux donn\u00e9es personnelles transmises, stock\u00e9es ou soumises \u00e0 toute autre forme de traitement ;<\/li><li>CRA, en tant que responsable du traitement des donn\u00e9es personnelles, prend des mesures pour que toute personne physique qui, agissant sous l&rsquo;autorit\u00e9 du responsable du traitement ou d&rsquo;un sous-traitant, ait acc\u00e8s aux donn\u00e9es personnelles et ne les traite que sur instructions du responsable du traitement, sauf si la l\u00e9gislation de l\u2019Union europ\u00e9enne ou d\u2019un \u00c9tat membre l\u2019y oblige.<\/li><\/ol><p>\u00a0<\/p><p><strong>4.1. \u00c9valuation des risques li\u00e9s \u00e0 la s\u00e9curit\u00e9 de l&rsquo;information<\/strong><\/p><p>Les exigences en mati\u00e8re de s\u00e9curit\u00e9 des informations et les crit\u00e8res d\u2019acceptation des risques sont identifi\u00e9s gr\u00e2ce \u00e0 une \u00e9valuation pr\u00e9cise des risques en mati\u00e8re de s\u00e9curit\u00e9 des informations. La r\u00e9alisation d&rsquo;une analyse des risques permet de d\u00e9terminer l&rsquo;exposition au risque et, par cons\u00e9quent, de hi\u00e9rarchiser les risques les plus pertinents, permettant l&rsquo;identification des actions d&rsquo;att\u00e9nuation et des contr\u00f4les appropri\u00e9s.<\/p><p>\u00a0<\/p><p><strong>4.2. Contr\u00f4les de s\u00e9curit\u00e9 des informations<\/strong><\/p><p>La s\u00e9lection des contr\u00f4les d\u00e9pend des d\u00e9cisions de CRA fond\u00e9es sur l&rsquo;acceptation des risques, le traitement des risques et, en g\u00e9n\u00e9ral, les crit\u00e8res de gestion des risques. Ces crit\u00e8res r\u00e9sultent de l\u2019analyse des risques r\u00e9alis\u00e9e et doivent tenir compte des r\u00e9glementations et l\u00e9gislations nationales et internationales applicables.<\/p><p>Les m\u00e9canismes de s\u00e9curit\u00e9 de l&rsquo;information mis en \u0153uvre sont soumis \u00e0 des examens p\u00e9riodiques pour garantir les niveaux de s\u00e9curit\u00e9 attendus, avec un accent particulier sur la sauvegarde de la continuit\u00e9 des activit\u00e9s et des processus critiques.<\/p><p>\u00a0<\/p><p><strong>4.3. Am\u00e9lioration continue<\/strong><\/p><p>Le SGSI fait l&rsquo;objet de r\u00e9visions p\u00e9riodiques pr\u00e9alablement programm\u00e9es ou justifi\u00e9es par des changements significatifs, afin d&rsquo;en am\u00e9liorer l&rsquo;applicabilit\u00e9, l&rsquo;ad\u00e9quation et l&rsquo;efficacit\u00e9.<\/p><p>\u00a0<\/p><p><strong>4.4. Revue et communication de la politique g\u00e9n\u00e9rale de s\u00e9curit\u00e9 de l\u2019information<\/strong><\/p><p>La politique de s\u00e9curit\u00e9 de l&rsquo;information sera soumise \u00e0 un examen annuel ou chaque fois que des changements importants seront apport\u00e9s, afin de garantir son applicabilit\u00e9, sa pertinence et son efficacit\u00e9 continues.<\/p><p>\u00a0<\/p><p>Document public<\/p><p>31\/10\/2023<\/p>\t\t\t\t\t\t\t\t<\/div>\n\t\t\t\t<\/div>\n\t\t\t\t\t<\/div>\n\t\t\t\t<\/div>\n\t\t\t\t<\/div>\n\t\t","protected":false},"excerpt":{"rendered":"<p>Politique G\u00e9n\u00e9rale de S\u00e9curit\u00e9 des Informations Externes 1. Port\u00e9e et objectif La Politique de S\u00e9curit\u00e9 de l&rsquo;Information s&rsquo;applique \u00e0 toutes les informations qui sont sous la responsabilit\u00e9 de Coutinho Rebelo Avocats (ci-apr\u00e8s d\u00e9nomm\u00e9 CRA), quel que soit le support d&rsquo;enregistrement, y compris notamment les bases de donn\u00e9es, tout environnement informatique, les documents, fichiers et autres [&hellip;]<\/p>\n","protected":false},"author":1,"featured_media":0,"parent":0,"menu_order":0,"comment_status":"closed","ping_status":"closed","template":"","meta":{"inline_featured_image":false,"footnotes":""},"class_list":["post-4337","page","type-page","status-publish","hentry"],"blocksy_meta":[],"yoast_head":"<!-- This site is optimized with the Yoast SEO plugin v26.3 - https:\/\/yoast.com\/wordpress\/plugins\/seo\/ -->\n<title>Politique G\u00e9n\u00e9rale de S\u00e9curit\u00e9 des Informations Externes - Coutinho Rebelo Advogados<\/title>\n<meta name=\"robots\" content=\"index, follow, max-snippet:-1, max-image-preview:large, max-video-preview:-1\" \/>\n<link rel=\"canonical\" href=\"https:\/\/www.coutinhorebelo.com\/fr\/politique-generale-de-securite-des-informations-externes\/\" \/>\n<meta property=\"og:locale\" content=\"fr_FR\" \/>\n<meta property=\"og:type\" content=\"article\" \/>\n<meta property=\"og:title\" content=\"Politique G\u00e9n\u00e9rale de S\u00e9curit\u00e9 des Informations Externes - Coutinho Rebelo Advogados\" \/>\n<meta property=\"og:description\" content=\"Politique G\u00e9n\u00e9rale de S\u00e9curit\u00e9 des Informations Externes 1. Port\u00e9e et objectif La Politique de S\u00e9curit\u00e9 de l&rsquo;Information s&rsquo;applique \u00e0 toutes les informations qui sont sous la responsabilit\u00e9 de Coutinho Rebelo Avocats (ci-apr\u00e8s d\u00e9nomm\u00e9 CRA), quel que soit le support d&rsquo;enregistrement, y compris notamment les bases de donn\u00e9es, tout environnement informatique, les documents, fichiers et autres [&hellip;]\" \/>\n<meta property=\"og:url\" content=\"https:\/\/www.coutinhorebelo.com\/fr\/politique-generale-de-securite-des-informations-externes\/\" \/>\n<meta property=\"og:site_name\" content=\"Coutinho Rebelo Advogados\" \/>\n<meta property=\"article:modified_time\" content=\"2023-10-13T14:07:38+00:00\" \/>\n<meta name=\"twitter:card\" content=\"summary_large_image\" \/>\n<meta name=\"twitter:label1\" content=\"Dur\u00e9e de lecture estim\u00e9e\" \/>\n\t<meta name=\"twitter:data1\" content=\"7 minutes\" \/>\n<script type=\"application\/ld+json\" class=\"yoast-schema-graph\">{\"@context\":\"https:\/\/schema.org\",\"@graph\":[{\"@type\":\"WebPage\",\"@id\":\"https:\/\/www.coutinhorebelo.com\/fr\/politique-generale-de-securite-des-informations-externes\/\",\"url\":\"https:\/\/www.coutinhorebelo.com\/fr\/politique-generale-de-securite-des-informations-externes\/\",\"name\":\"Politique G\u00e9n\u00e9rale de S\u00e9curit\u00e9 des Informations Externes - Coutinho Rebelo Advogados\",\"isPartOf\":{\"@id\":\"https:\/\/www.coutinhorebelo.com\/#website\"},\"datePublished\":\"2023-09-04T10:25:16+00:00\",\"dateModified\":\"2023-10-13T14:07:38+00:00\",\"breadcrumb\":{\"@id\":\"https:\/\/www.coutinhorebelo.com\/fr\/politique-generale-de-securite-des-informations-externes\/#breadcrumb\"},\"inLanguage\":\"fr-FR\",\"potentialAction\":[{\"@type\":\"ReadAction\",\"target\":[\"https:\/\/www.coutinhorebelo.com\/fr\/politique-generale-de-securite-des-informations-externes\/\"]}]},{\"@type\":\"BreadcrumbList\",\"@id\":\"https:\/\/www.coutinhorebelo.com\/fr\/politique-generale-de-securite-des-informations-externes\/#breadcrumb\",\"itemListElement\":[{\"@type\":\"ListItem\",\"position\":1,\"name\":\"In\u00edcio\",\"item\":\"https:\/\/www.coutinhorebelo.com\/\"},{\"@type\":\"ListItem\",\"position\":2,\"name\":\"Politique G\u00e9n\u00e9rale de S\u00e9curit\u00e9 des Informations Externes\"}]},{\"@type\":\"WebSite\",\"@id\":\"https:\/\/www.coutinhorebelo.com\/#website\",\"url\":\"https:\/\/www.coutinhorebelo.com\/\",\"name\":\"Coutinho Rebelo Advogados\",\"description\":\"Num mar de leis, o seu farol.\",\"publisher\":{\"@id\":\"https:\/\/www.coutinhorebelo.com\/#organization\"},\"alternateName\":\"Coutinho Rebelo\",\"potentialAction\":[{\"@type\":\"SearchAction\",\"target\":{\"@type\":\"EntryPoint\",\"urlTemplate\":\"https:\/\/www.coutinhorebelo.com\/?s={search_term_string}\"},\"query-input\":{\"@type\":\"PropertyValueSpecification\",\"valueRequired\":true,\"valueName\":\"search_term_string\"}}],\"inLanguage\":\"fr-FR\"},{\"@type\":\"Organization\",\"@id\":\"https:\/\/www.coutinhorebelo.com\/#organization\",\"name\":\"Coutinho Rebelo Advogados\",\"alternateName\":\"Ant\u00f3nio Coutinho Rebelo\",\"url\":\"https:\/\/www.coutinhorebelo.com\/\",\"logo\":{\"@type\":\"ImageObject\",\"inLanguage\":\"fr-FR\",\"@id\":\"https:\/\/www.coutinhorebelo.com\/#\/schema\/logo\/image\/\",\"url\":\"https:\/\/www.coutinhorebelo.com\/wp-content\/uploads\/2023\/06\/coutinho_rebelo-logo-pt.svg\",\"contentUrl\":\"https:\/\/www.coutinhorebelo.com\/wp-content\/uploads\/2023\/06\/coutinho_rebelo-logo-pt.svg\",\"width\":222.1,\"height\":100,\"caption\":\"Coutinho Rebelo Advogados\"},\"image\":{\"@id\":\"https:\/\/www.coutinhorebelo.com\/#\/schema\/logo\/image\/\"}}]}<\/script>\n<!-- \/ Yoast SEO plugin. -->","yoast_head_json":{"title":"Politique G\u00e9n\u00e9rale de S\u00e9curit\u00e9 des Informations Externes - Coutinho Rebelo Advogados","robots":{"index":"index","follow":"follow","max-snippet":"max-snippet:-1","max-image-preview":"max-image-preview:large","max-video-preview":"max-video-preview:-1"},"canonical":"https:\/\/www.coutinhorebelo.com\/fr\/politique-generale-de-securite-des-informations-externes\/","og_locale":"fr_FR","og_type":"article","og_title":"Politique G\u00e9n\u00e9rale de S\u00e9curit\u00e9 des Informations Externes - Coutinho Rebelo Advogados","og_description":"Politique G\u00e9n\u00e9rale de S\u00e9curit\u00e9 des Informations Externes 1. Port\u00e9e et objectif La Politique de S\u00e9curit\u00e9 de l&rsquo;Information s&rsquo;applique \u00e0 toutes les informations qui sont sous la responsabilit\u00e9 de Coutinho Rebelo Avocats (ci-apr\u00e8s d\u00e9nomm\u00e9 CRA), quel que soit le support d&rsquo;enregistrement, y compris notamment les bases de donn\u00e9es, tout environnement informatique, les documents, fichiers et autres [&hellip;]","og_url":"https:\/\/www.coutinhorebelo.com\/fr\/politique-generale-de-securite-des-informations-externes\/","og_site_name":"Coutinho Rebelo Advogados","article_modified_time":"2023-10-13T14:07:38+00:00","twitter_card":"summary_large_image","twitter_misc":{"Dur\u00e9e de lecture estim\u00e9e":"7 minutes"},"schema":{"@context":"https:\/\/schema.org","@graph":[{"@type":"WebPage","@id":"https:\/\/www.coutinhorebelo.com\/fr\/politique-generale-de-securite-des-informations-externes\/","url":"https:\/\/www.coutinhorebelo.com\/fr\/politique-generale-de-securite-des-informations-externes\/","name":"Politique G\u00e9n\u00e9rale de S\u00e9curit\u00e9 des Informations Externes - Coutinho Rebelo Advogados","isPartOf":{"@id":"https:\/\/www.coutinhorebelo.com\/#website"},"datePublished":"2023-09-04T10:25:16+00:00","dateModified":"2023-10-13T14:07:38+00:00","breadcrumb":{"@id":"https:\/\/www.coutinhorebelo.com\/fr\/politique-generale-de-securite-des-informations-externes\/#breadcrumb"},"inLanguage":"fr-FR","potentialAction":[{"@type":"ReadAction","target":["https:\/\/www.coutinhorebelo.com\/fr\/politique-generale-de-securite-des-informations-externes\/"]}]},{"@type":"BreadcrumbList","@id":"https:\/\/www.coutinhorebelo.com\/fr\/politique-generale-de-securite-des-informations-externes\/#breadcrumb","itemListElement":[{"@type":"ListItem","position":1,"name":"In\u00edcio","item":"https:\/\/www.coutinhorebelo.com\/"},{"@type":"ListItem","position":2,"name":"Politique G\u00e9n\u00e9rale de S\u00e9curit\u00e9 des Informations Externes"}]},{"@type":"WebSite","@id":"https:\/\/www.coutinhorebelo.com\/#website","url":"https:\/\/www.coutinhorebelo.com\/","name":"Coutinho Rebelo Advogados","description":"Num mar de leis, o seu farol.","publisher":{"@id":"https:\/\/www.coutinhorebelo.com\/#organization"},"alternateName":"Coutinho Rebelo","potentialAction":[{"@type":"SearchAction","target":{"@type":"EntryPoint","urlTemplate":"https:\/\/www.coutinhorebelo.com\/?s={search_term_string}"},"query-input":{"@type":"PropertyValueSpecification","valueRequired":true,"valueName":"search_term_string"}}],"inLanguage":"fr-FR"},{"@type":"Organization","@id":"https:\/\/www.coutinhorebelo.com\/#organization","name":"Coutinho Rebelo Advogados","alternateName":"Ant\u00f3nio Coutinho Rebelo","url":"https:\/\/www.coutinhorebelo.com\/","logo":{"@type":"ImageObject","inLanguage":"fr-FR","@id":"https:\/\/www.coutinhorebelo.com\/#\/schema\/logo\/image\/","url":"https:\/\/www.coutinhorebelo.com\/wp-content\/uploads\/2023\/06\/coutinho_rebelo-logo-pt.svg","contentUrl":"https:\/\/www.coutinhorebelo.com\/wp-content\/uploads\/2023\/06\/coutinho_rebelo-logo-pt.svg","width":222.1,"height":100,"caption":"Coutinho Rebelo Advogados"},"image":{"@id":"https:\/\/www.coutinhorebelo.com\/#\/schema\/logo\/image\/"}}]}},"_links":{"self":[{"href":"https:\/\/www.coutinhorebelo.com\/fr\/wp-json\/wp\/v2\/pages\/4337","targetHints":{"allow":["GET"]}}],"collection":[{"href":"https:\/\/www.coutinhorebelo.com\/fr\/wp-json\/wp\/v2\/pages"}],"about":[{"href":"https:\/\/www.coutinhorebelo.com\/fr\/wp-json\/wp\/v2\/types\/page"}],"author":[{"embeddable":true,"href":"https:\/\/www.coutinhorebelo.com\/fr\/wp-json\/wp\/v2\/users\/1"}],"replies":[{"embeddable":true,"href":"https:\/\/www.coutinhorebelo.com\/fr\/wp-json\/wp\/v2\/comments?post=4337"}],"version-history":[{"count":4,"href":"https:\/\/www.coutinhorebelo.com\/fr\/wp-json\/wp\/v2\/pages\/4337\/revisions"}],"predecessor-version":[{"id":4341,"href":"https:\/\/www.coutinhorebelo.com\/fr\/wp-json\/wp\/v2\/pages\/4337\/revisions\/4341"}],"wp:attachment":[{"href":"https:\/\/www.coutinhorebelo.com\/fr\/wp-json\/wp\/v2\/media?parent=4337"}],"curies":[{"name":"wp","href":"https:\/\/api.w.org\/{rel}","templated":true}]}}